{"id":85,"date":"2016-05-13T13:04:01","date_gmt":"2016-05-13T11:04:01","guid":{"rendered":"http:\/\/www.cressy.ch\/?page_id=85"},"modified":"2016-05-13T13:04:18","modified_gmt":"2016-05-13T11:04:18","slug":"fete-du-sapin-2015","status":"publish","type":"page","link":"https:\/\/cressy.ch\/index.php\/historique\/2015-2\/fete-du-sapin-2015\/","title":{"rendered":"F\u00eate du Sapin 2015"},"content":{"rendered":"<p>Etant donn\u00e9 que le quartier commence \u00e0 se parer de couleurs hivernales, les fourmis orange de l\u2019AHC, transform\u00e9es en lutins rouge pour cette occasion, ont d\u00e9cid\u00e9 de r\u00e9chauffer le c\u0153ur de ses habitants en leur proposant une bonne raclette.<br \/>\nElle ne sera pas cuite au feu de bois, car les fourmis sont modernes : elles vont mettre \u00e0 disposition des fours \u00e9lectriques.<\/p>\n<p>Comme elles n\u2019auront pas \u00e0 aller fouiller la for\u00eat pour d\u00e9nicher du bois, elles vont profiter de ce moment de d\u00e9charge pour cuire des pommes de terre.<br \/>\nElles vont aussi avoir le temps de fouiller internet pour trouver une meilleure recette de vin chaud que celle qui provient directement du P\u00e8re No\u00ebl. Mais ceci est certainement vou\u00e9 \u00e0 l\u2019\u00e9chec, car celui pr\u00e9par\u00e9 jusqu\u2019\u00e0 pr\u00e9sent&#8230; frisait la perfection.<\/p>\n<p>Les fourmis orange vont encore en profiter pour bichonner la pr\u00e9paration du th\u00e9 de No\u00ebl et du sirop de No\u00ebl.<br \/>\nElles vont peut-\u00eatre m\u00eame exploiter ce temps pour descendre dans le sud et cueillir les mandarines qu\u2019elles vont offrir aux habitants.<\/p>\n<p>Oh, la, la !!!<br \/>\nMais, du coup, elles manqueront de temps pour fabriquer d\u2019excellents g\u00e2teaux.<br \/>\nAh mais non&#8230; cette ann\u00e9e elles demandent \u00e0 tous les habitants de venir avec une bonne p\u00e2tisserie !<\/p>\n<p>Peut-\u00eatre que m\u00eame le P\u00e8re No\u00ebl en am\u00e8nera une toute fra\u00eeche, venue du grand Nord. Il en profitera pour enchanter les petits enfants de sa pr\u00e9sence.<\/p>\n<p>Et encore, une conteuse viendra remplir l\u2019imaginaire des enfants.<\/p>\n<p>Nous vous attendons donc,<br \/>\ndimanche 6 d\u00e9cembre de 17h \u00e0 19h dans le pr\u00e9au de l\u2019\u00e9cole de Cressy<br \/>\npour partager ensemble notre d\u00e9sormais traditionnelle F\u00eate du Sapin.<\/p>\n","protected":false},"excerpt":{"rendered":"<p>Etant donn\u00e9 que le quartier commence \u00e0 se parer de couleurs hivernales, les fourmis orange de l\u2019AHC, transform\u00e9es en lutins rouge pour cette occasion, ont d\u00e9cid\u00e9 de r\u00e9chauffer le c\u0153ur de ses habitants en leur proposant une bonne raclette. Elle ne sera pas cuite au feu de bois, car les \u2026 <a class=\"continue-reading-link\" href=\"https:\/\/cressy.ch\/index.php\/historique\/2015-2\/fete-du-sapin-2015\/\"> Continue reading <span class=\"meta-nav\">&rarr; <\/span><\/a><\/p>\n","protected":false},"author":1,"featured_media":0,"parent":41,"menu_order":0,"comment_status":"closed","ping_status":"closed","template":"","meta":{"jetpack_post_was_ever_published":false,"footnotes":""},"jetpack_sharing_enabled":true,"jetpack_shortlink":"https:\/\/wp.me\/P7Ajlu-1n","jetpack-related-posts":[{"id":111,"url":"https:\/\/cressy.ch\/index.php\/historique\/2012-2\/fete-de-cressy-2012\/","url_meta":{"origin":85,"position":0},"title":"F\u00eate de Cressy 2012","author":"chperetti","date":"13 mai 2016","format":false,"excerpt":"La F\u00eate de Cressy a eu les bons augures des cieux, ouf\u00a0! 24h apr\u00e8s la pluie a fait son retour\u00a0! Les fourmis orange de l\u2019AHC sont \u00e0 pied d\u2019\u0153uvre depuis 8h en ce dimanche brumeux du 23 septembre. Elles sont aid\u00e9es par des jeunes du quartier pour tout ce qui\u2026","rel":"","context":"Article similaire","block_context":{"text":"Article similaire","link":""},"img":{"alt_text":"","src":"","width":0,"height":0},"classes":[]},{"id":377,"url":"https:\/\/cressy.ch\/index.php\/historique\/2016-2\/est-2016\/","url_meta":{"origin":85,"position":1},"title":"La f\u00eate de Cressy a eu lieu","author":"chperetti","date":"1 novembre 2016","format":false,"excerpt":"Le 25 septembre, les fourmis orange ont trim\u00e9 depuis 7h30 pour mettre en place la F\u00eate Cressy. Elles \u00e9taient encore toute endormies. Certaines \u00e9taient d\u00e9j\u00e0 en habit d\u2019\u00e9t\u00e9, car le temps annonc\u00e9 \u00e9tait au beau et chaud et d\u2019autres \u00e9taient habill\u00e9es comme en hiver. Elles devaient encore s\u2019imaginer au chaud\u2026","rel":"","context":"Article similaire","block_context":{"text":"Article similaire","link":""},"img":{"alt_text":"","src":"","width":0,"height":0},"classes":[]},{"id":115,"url":"https:\/\/cressy.ch\/index.php\/historique\/2012-2\/matinee-de-nettoyage-2012\/","url_meta":{"origin":85,"position":2},"title":"matin\u00e9e de nettoyage 2012","author":"chperetti","date":"13 mai 2016","format":false,"excerpt":"Cette ann\u00e9e les fourmis orange de l\u2019AHC ont quand m\u00eame d\u00e9cid\u00e9 d\u2019organiser la matin\u00e9e nettoyage de Cressy malgr\u00e9 un mois de juin bien charg\u00e9 pour elles. Eh oui, elles sont vraiment partout ces petites b\u00eates\u00a0! Elles ont particip\u00e9 \u00e0 la \u00ab\u00a0Rue aux Enfants\u00a0\u00bb \u00e0 Bernex, elles vont encha\u00eener avec la\u2026","rel":"","context":"Article similaire","block_context":{"text":"Article similaire","link":""},"img":{"alt_text":"","src":"","width":0,"height":0},"classes":[]},{"id":97,"url":"https:\/\/cressy.ch\/index.php\/historique\/2013-2\/fete-de-cressy-2013\/","url_meta":{"origin":85,"position":3},"title":"F\u00eate de Cressy 2013","author":"chperetti","date":"13 mai 2016","format":false,"excerpt":"Cette ann\u00e9e la F\u00eate de Cressy s\u2019est d\u00e9roul\u00e9e sous un magnifique soleil d\u2019automne. Les fourmis orange ont eu les antennes creuses lors du choix de la date. \u00a0 La pr\u00e9paration de la f\u00eate a v\u00e9cu quelques petites anicroches qui ont furtivement mis les batteries des fourmis un peu \u00e0 plat.\u2026","rel":"","context":"Article similaire","block_context":{"text":"Article similaire","link":""},"img":{"alt_text":"","src":"","width":0,"height":0},"classes":[]},{"id":124,"url":"https:\/\/cressy.ch\/index.php\/historique\/2011-2\/vide-greniers-2011\/","url_meta":{"origin":85,"position":4},"title":"Vide greniers 2011","author":"chperetti","date":"13 mai 2016","format":false,"excerpt":"VIDE-GRENIER 2011 \u00a0 \u00a0 \u00a0 \u00a0 \u00a0 Le vide-grenier de Cressy ne d\u00e9bute qu\u2019\u00e0 10 heures ce dimanche 10 avril, mais, \u00e0 8 heures d\u00e9j\u00e0, le pr\u00e9au de l\u2019\u00e9cole fourmille de mouvement. Les fourmis orange de l\u2019AHC s\u2019agitent autour de l\u2019installation des tables sous le pr\u00e9au couvert. Elles doivent vider\u2026","rel":"","context":"Article similaire","block_context":{"text":"Article similaire","link":""},"img":{"alt_text":"","src":"","width":0,"height":0},"classes":[]},{"id":457,"url":"https:\/\/cressy.ch\/index.php\/historique\/2017-2\/vide-grenier-de-cressy-2017\/","url_meta":{"origin":85,"position":5},"title":"vide Grenier 2017","author":"chperetti","date":"3 novembre 2017","format":false,"excerpt":"Vive le vide-grenier\u00a0! Voil\u00e0 l\u2019expression qui est venue \u00e0 l\u2019esprit des petites fourmis orange apr\u00e8s cette magnifique journ\u00e9e du 9 avril. Ce vide-grenier 2017 a eu lieu sous le signe de la convivialit\u00e9, de l\u2019amabilit\u00e9, de l\u2019entraide et de la bonne humeur. Les jeunes sous la houlette du BUPP ont\u2026","rel":"","context":"Article similaire","block_context":{"text":"Article similaire","link":""},"img":{"alt_text":"","src":"","width":0,"height":0},"classes":[]}],"_links":{"self":[{"href":"https:\/\/cressy.ch\/index.php\/wp-json\/wp\/v2\/pages\/85"}],"collection":[{"href":"https:\/\/cressy.ch\/index.php\/wp-json\/wp\/v2\/pages"}],"about":[{"href":"https:\/\/cressy.ch\/index.php\/wp-json\/wp\/v2\/types\/page"}],"author":[{"embeddable":true,"href":"https:\/\/cressy.ch\/index.php\/wp-json\/wp\/v2\/users\/1"}],"replies":[{"embeddable":true,"href":"https:\/\/cressy.ch\/index.php\/wp-json\/wp\/v2\/comments?post=85"}],"version-history":[{"count":1,"href":"https:\/\/cressy.ch\/index.php\/wp-json\/wp\/v2\/pages\/85\/revisions"}],"predecessor-version":[{"id":86,"href":"https:\/\/cressy.ch\/index.php\/wp-json\/wp\/v2\/pages\/85\/revisions\/86"}],"up":[{"embeddable":true,"href":"https:\/\/cressy.ch\/index.php\/wp-json\/wp\/v2\/pages\/41"}],"wp:attachment":[{"href":"https:\/\/cressy.ch\/index.php\/wp-json\/wp\/v2\/media?parent=85"}],"curies":[{"name":"wp","href":"https:\/\/api.w.org\/{rel}","templated":true}]}}