{"id":83,"date":"2016-05-13T13:03:39","date_gmt":"2016-05-13T11:03:39","guid":{"rendered":"http:\/\/www.cressy.ch\/?page_id=83"},"modified":"2016-05-13T13:03:39","modified_gmt":"2016-05-13T11:03:39","slug":"fete-de-cressy-2015","status":"publish","type":"page","link":"https:\/\/cressy.ch\/index.php\/historique\/2015-2\/fete-de-cressy-2015\/","title":{"rendered":"F\u00eate de Cressy 2015"},"content":{"rendered":"<div class=\"content\">\n<p>Les fourmis orange de l\u2019AHC ont fait un r\u00eave pour cette ann\u00e9e exceptionnelle qui comm\u00e9more les 10 ans de sa cr\u00e9ation : que tout se passe bien pour l\u2019organisation de la F\u00eate de Cressy, que la manifestation soit appr\u00e9ci\u00e9e, que les gens apportent spontan\u00e9ment leur aide, que la pluie ne se mette pas en travers du chemin et qu\u2019elles ne finissent pas la journ\u00e9e compl\u00e8tement fourbues.<br \/>\nCe r\u00eave n\u2019a pas \u00e9t\u00e9 si utopique, car presque tout a \u00e9t\u00e9 parfait. Nous disons presque, car malheureusement des petits couacs font toujours partie int\u00e9grante d\u2019une telle organisation.<\/p>\n<p>Les flyers et affiches ont eu beaucoup de difficult\u00e9s \u00e0 atteindre la bo\u00eete aux lettres de la fourmi en charge de les amener \u00e0 la Poste, pour que cette derni\u00e8re les d\u00e9livre directement chez les habitants des communes de Bernex et Confignon.<br \/>\nDe plus, ils ont \u00e9t\u00e9 livr\u00e9s en m\u00eame temps que d\u2019autres publicit\u00e9s et se sont donc noy\u00e9s dans la paperasserie.<\/p>\n<p>Par contre, les ballons ont probablement fait le tour de la Suisse, car ils sont arriv\u00e9s 3 jours apr\u00e8s la F\u00eate. Notre fourmi a d\u00fb imprimer en catastrophe les cartes que les enfants remplissent et accrochent au balon avec une ficelle. Cettee fourmi a d\u00fb se coucher fort tard la veille du jour J.<\/p>\n<p>Sa coll\u00e8gue qui a organis\u00e9 toute la logistique, avec les services ext\u00e9rieurs des communes de Bernex et Confignon et avec la Police Municipale a eu un choc en voyant que les chariots de tables-bancs avaient \u00e9t\u00e9 d\u00e9pos\u00e9s sur la place du terminus du bus. Ils auraient d\u00fb \u00eatre livr\u00e9s juste de l\u2019autre c\u00f4t\u00e9 de la place.<br \/>\nL\u00e0, ils prenaient la place de la tombola, de la caisse et du mur de grimpe. Arrrgh, au secours ! Elle en a eu des cheveux blancs avant l\u2019heure\u2026 et, ce qu\u2019elle ne sait pas, c\u2019est qu\u2019elle en avait d\u00e9j\u00e0\u2026<br \/>\nDepuis son travail, car les fourmis cumulent les fonctions entre leur profession, leur vie de famille et le travail pour l\u2019AHC, elle s\u2019est d\u00e9brouill\u00e9e pour faire d\u00e9placer les chariots, apr\u00e8s de multiples t\u00e9l\u00e9phones. Ouf, mission accomplie ! Tous les stands pourront prendre leur place, comme programm\u00e9.<\/p>\n<p>Cette m\u00eame fourmi avait d\u00e9j\u00e0 failli avoir un infarctus quand la Mairie de Bernex a commenc\u00e9 \u00e0 h\u00e9siter \u00e0 lui donner la cl\u00e9 pour l\u2019\u00e9lectricit\u00e9 de la borne qui se trouve vers les terriers de la place du terminus du bus. L\u2019\u00e9lectricit\u00e9 de la Luciole n\u2019aurait pas suffi pour la sono et tous les appareils \u00e9lectriques utilis\u00e9s \u00e0 la buvette. Apr\u00e8s explication sur l\u2019utilit\u00e9 de cette cl\u00e9, elle a quand m\u00eame pu aller la chercher. Elle s\u2019est du coup ru\u00e9e dessus, au cas o\u00f9 ils changeraient d\u2019avis.<\/p>\n<p>Pendant ce temps, la fourmi qui s\u2019occupait du podium s\u2019arrachait les cheveux, car jusqu\u2019au dernier moment elle ne savait pas quel type de podium elle allait trouver. Oh l\u00e0 l\u00e0 ! Entre les cheveux blancs et la tonsure, vous avez failli ne plus les reconna\u00eetre !<br \/>\nElle a finalement pu aller le chercher, le charger sur la camionnette, le d\u00e9charger au travail, le recharger sur la camionnette le vendredi soir, le d\u00e9charger sur la place et finalement le monter pour le jour de la f\u00eate. Que de manipulations !<br \/>\nMais au final, cette fourmi y aura gagn\u00e9 en muscles ! Du coup, elle s\u2019est donn\u00e9 un challenge: garder ses belles formes jusqu\u2019\u00e0 l\u2019ann\u00e9e prochaine.<\/p>\n<p>La fourmi charg\u00e9e d\u2019aller chercher la monnaie ne s\u2019est pas arrach\u00e9 les cheveux, mais elle a pu observer le stress qu\u2019elle a provoqu\u00e9 avec ces multiples demandes chez le pauvre guichetier. Ouf, au moins une qui a pu rigoler un peu\u2026 des d\u00e9boires des autres !<\/p>\n<p>Les impr\u00e9vus font aussi partie de la pr\u00e9paration. Un des carrousels voulait d\u00e9j\u00e0 venir prendre place \u00e0 l\u2019endroit d\u00e9volu \u00e0 son travail du dimanche. Il a fallu demander l\u2019autorisation au concierge de l\u2019\u00e9cole. Vous allez me dire que ce n\u2019est pas bien compliqu\u00e9 de prendre le t\u00e9l\u00e9phone. Oui, vous avez raison, mais pas tous les m\u00e9tiers ne permettent de trouver un moment dans la journ\u00e9e pour le faire.<br \/>\nEnfin bref, ce sont toutes des choses inh\u00e9rentes \u00e0 toute pr\u00e9paration. Mais il faut quand m\u00eame pr\u00e9ciser que les choses deviennent de plus en plus compliqu\u00e9es et les fourmis doivent \u00eatre de plus en plus claires et pr\u00e9cises dans toutes les paperasseries administratives.<\/p>\n<p>Malgr\u00e9 certaines difficult\u00e9s, il y a aussi des choses qui se simplifient. Les fourmis n\u2019ont plus besoin d\u2019envoyer un courrier pour le l\u00e2cher de ballons, ni d\u2019appeler la tour de contr\u00f4le ; la seule mention \u00ab moins de 300 ballons \u00bb, dans la demande d\u2019autorisation cantonale, suffit.<\/p>\n<p>Le samedi, les fourmis se retrouvent pour pr\u00e9parer les sandwichs, la p\u00e2te \u00e0 cr\u00eapes, la salade de fruits et la salade de coleslaw. Elles doivent, aussi, monter toutes les affaires (et il y en a un paquet) et tenter de les entasser dans la voiture g\u00e9ante d\u2019une des fourmis, aller chercher les tentes qu\u2019elles ont lou\u00e9es, aller chercher la machine \u00e0 pop-corn et monter le podium.<br \/>\nElles ont m\u00eame brav\u00e9 la pluie tomb\u00e9e avec force et acharnement pendant 15 minutes. Un vrai d\u00e9luge. Puis, elles se retrouvent au Proxi pour noyer leur chagrin\u2026 mais non\u2026 pour retrouver des forces avec un petit verre de Martini. Oh les coquines !<br \/>\nElles arrivent, malgr\u00e9 le Martini, \u00e0 se lever \u00e0 l\u2019aube, car les voil\u00e0 \u00e0 pied d\u2019\u0153uvre \u00e0 7h30 du matin\u2026 dur pour un dimanche matin ! Elles sont aid\u00e9es par des jeunes recrut\u00e9es (seulement des filles ?) par le BUPP. Tout ce beau monde ne ch\u00f4me pas jusqu\u2019\u00e0 11h30. Chacun a son r\u00f4le \u00e0 jouer, c\u2019est une vraie fourmili\u00e8re hyperactive !<\/p>\n<p>A 11h30 tapantes, les premi\u00e8res personnes arrivent pour l\u2019ap\u00e9ritif offert et les enfants rejoignent le bas de l\u2019\u00e9cole pour aller chercher un ballon. Tout le monde se retrouve sur la place pour le beau l\u00e2cher de ballons haut en couleurs.<\/p>\n<p>Puis, c\u2019est la ru\u00e9e \u00e0 la caisse pour l\u2019achat des diff\u00e9rents bons pour l\u2019alimentation et les attractions. Les fourmis sont au taquet, elles doivent calculer, et l\u00e0\u2026 c\u2019est parfois un peu compliqu\u00e9 quand les gens veulent 3 boissons, 2 hot-dogs, 4 brochettes de bonbons et que finalement ils se r\u00e9tractent et veulent 6 bons attractions, 3 boissons et 2 hot-dogs. Ce qui est certain, c\u2019est que la nuit d\u2019apr\u00e8s sera remplie de cauchemars sous forme de chiffres, pour celles qui sont rest\u00e9es \u00e0 la caisse.<\/p>\n<p>Les gens ont eu cette ann\u00e9e la possibilit\u00e9 de manger des plats asiatiques. Un habitant du quartier a une petite entreprise de food truck et il a r\u00e9gal\u00e9 tout le monde qui d\u00e9sirait go\u00fbter \u00e0 ses sp\u00e9cialit\u00e9s. Les autres ont profit\u00e9 de la buvette des fourmis avec les hot-dogs, les sandwichs, la salade coleslaw, la salade de fruits, la brochette de bonbons, les pop-corn et les boissons.<br \/>\nOups, j\u2019oubliais les cr\u00eapes ! Les fourmis ont chang\u00e9 leur recette pour arriver, maintenant, \u00e0 une quasi excellence\u2026 c\u2019est un vrai r\u00e9gal ! D\u2019ailleurs, cela se voit, car il y a la queue au stand. Il y a aussi le choix avec une profusion de p\u00e2tisseries vari\u00e9es pr\u00e9sent\u00e9e par l\u2019association PEAS (celle qui g\u00e8re les voyages humanitaires avec le BUPP).<\/p>\n<p>Une fois la panse bien remplie, les enfants partent \u00e0 l\u2019assaut des diff\u00e9rents man\u00e8ges que les fourmis ont d\u00e9got\u00e9s, il y en a pour tous les go\u00fbts. Les sportifs essayent les trampolines, il y en a m\u00eame qui font des sauts p\u00e9rilleux, quelle souplesse ! Les agiles tentent le mur de grimpe, les t\u00e9m\u00e9raires se frottent au rod\u00e9o, les fougueux se jettent dans le toboggan du grand ch\u00e2teau gonflable, les petits sautent dans le mini ch\u00e2teau gonflable et les paresseux se relaxent sur les chaises volantes.<\/p>\n<p>Pendant ce temps, les animations s\u2019encha\u00eenent. Elles ont commenc\u00e9 par de la zumba avec une animatrice habitant le quartier qui \u0153uvre en faveur de la \u00ab Ligue contre le Rhumatisme \u00bb. Elle a fait un atelier o\u00f9 petits et grands ont particip\u00e9. Au loin, les fourmis ont vu des filles n\u2019osant pas s\u2019approcher qui tentaient les m\u00eames d\u00e9hanch\u00e9s.<br \/>\nLe sol de Cressy a trembl\u00e9 sous les pas tr\u00e8s rythm\u00e9s des danseurs de rock de la Rock Dance Company. Ils ont fait des d\u00e9monstrations par groupe d\u2019une dizaine et par duo. Il y a m\u00eame eu un magnifique trio de petits danseurs en herbe. Un duo a \u00e9t\u00e9 stopp\u00e9 net dans ses acrobaties, car la musique a soudain fait silence. Il a fallu quelques minutes pour r\u00e9parer ce bug. Les danseurs en ont profit\u00e9 pour reprendre leur souffle et recommencer sur un rythme encore plus endiabl\u00e9. Les spectateurs ont \u00e0 chaque fois plaisir \u00e0 les voir.<\/p>\n<p>Cette ann\u00e9e, au vu des 10 ans de l\u2019AHC, un discours officiel a \u00e9t\u00e9 organis\u00e9 avec les Maires des communes de Bernex et Confignon. Les fourmis avaient demand\u00e9 \u00e0 M. Dal Busco de venir. Malheureusement, son agenda \u00e9tait trop rempli.<br \/>\nMais\u2026 c\u2019\u00e9tait sans compter sur son envie de partager un moment avec nous ! Il est apparu pile \u00e0 l\u2019heure.<\/p>\n<p>La fourmi Co-pr\u00e9sidente a commenc\u00e9 par l\u2019historique de l\u2019AHC et l\u2019\u00e9nergie des fourmis \u00e0 organiser toutes ces manifestations dans le quartier. Elle a aussi insist\u00e9 sur le fait qu\u2019elles font ce travail en tant que b\u00e9n\u00e9voles et qu\u2019elles ont besoin de petites pattes pour les soutenir, car l\u2019\u00e9puisement commence \u00e0 pointer le bout de leur nez.<br \/>\nMme Jay (Maire de Confignon) a continu\u00e9 en axant son discours sur la disponibilit\u00e9 et l\u2019\u00e9nergie des fourmis. M.Vonlanthen (Maire de Bernex) a aussi appuy\u00e9 sur la disponibilit\u00e9 des fourmis m\u00eame hors du quartier. M.Dal Busco a orient\u00e9 son discours sur ce qu\u2019est devenu le quartier gr\u00e2ce aux fourmis. Cette s\u00e9ance s\u2019est termin\u00e9e avec une pr\u00e9sentation de toutes les fourmis et une s\u00e9ance photo officielle. Waouh, il y avait un vrai photographe mandat\u00e9 par les communes pour cette partie de la f\u00eate.<\/p>\n<p>La musique a pris le dessus gr\u00e2ce \u00e0 plusieurs jeunes. Ils ont interpr\u00e9t\u00e9 diff\u00e9rents chants \u00e0 la mode de chez nous.<br \/>\nPuis le quartier a \u00e0 nouveau scand\u00e9 au rythme de la salsa, du reggaeton et de la bacchata. Carlito Macumba, le professeur passionn\u00e9, entra\u00eene une foule de monde dans son sillage. Et cela se tr\u00e9mousse et se d\u00e9hanche.<br \/>\nPendant ce temps, des petits sportifs shootent le ballon de foot dans la salle de gymnastique sous la houlette du BUPP.<br \/>\nCette ann\u00e9e, les filles ont os\u00e9 sortir des bois et ont jou\u00e9 avec autant de plaisir que les gar\u00e7ons.<br \/>\nToute la journ\u00e9e, la tombola a fait des heureux. Le stand, comme chaque ann\u00e9e, a \u00e9t\u00e9 rempli de pleins de beaux lots \u00e0 gagner. Mais le vent, lui, n\u2019a pas eu l\u2019air d\u2019appr\u00e9cier ceci et il a cr\u00e9\u00e9 des bourrasques jusqu\u2019\u00e0 ce que les affaires tombent. Il y a eu un grand bruit. C\u2019\u00e9tait les bancs qui \u00e9taient sur les tables, afin de pouvoir pr\u00e9senter tous les objets\u2026 qui ont roul\u00e9 jusqu\u2019au sol. Heureusement, plus de peur que de mal. Toutes les fourmis ont accouru et ont tout r\u00e9organis\u00e9.<br \/>\nLe panier garni a \u00e9t\u00e9 sous-pes\u00e9 et \u00e9valu\u00e9 \u00e0 un poids qui passait all\u00e8grement de 3 kg \u00e0 30 kg. C\u2019est un adolescent qui a eu le privil\u00e8ge de le gagner \u00e0 300 grammes pr\u00e8s. La fourmi en charge de cette activit\u00e9 \u00e9tait un peu stress\u00e9e, car le papa d\u2019une des fourmis vient chaque ann\u00e9e et joue 6 tickets. L\u2019ann\u00e9e pass\u00e9e, il avait tellement mal \u00e9crit que la fourmi avait lu un autre chiffre et avait annonc\u00e9 un autre gagnant alors que c\u2019\u00e9tait lui qui avait \u00e9t\u00e9 au plus pr\u00e8s du poids exact.<br \/>\nDonc, cette ann\u00e9e, la fourmi a \u00e9t\u00e9 super attentive aux chiffres inscrits par cette personne. Elle avait reconnu l\u2019\u00e9criture. Mais c\u2019\u00e9tait bien le jeune qui a \u00e9t\u00e9 le plus pr\u00e8s. Le papa de la fourmi devra revenir l\u2019ann\u00e9e prochaine. En fait, cette fourmi est tr\u00e8s dou\u00e9e, elle arrive m\u00eame \u00e0 \u0153uvrer pour fid\u00e9liser la client\u00e8le !<\/p>\n<p>Les chevaux ont aussi travaill\u00e9 fort en transportant les enfants dans une charrette.<\/p>\n<p>Il est 17h et il faut arr\u00eater les man\u00e8ges. L\u00e0, c\u2019est difficile pour certaines personnes de comprendre que la journ\u00e9e se termine gentiment.<br \/>\nLes fourmis sont d\u2019attaque pour ranger. La journ\u00e9e s\u2019est tr\u00e8s bien pass\u00e9e et leur r\u00eave s\u2019est finalement r\u00e9alis\u00e9 : les gens \u00e9taient contents, le soleil a \u00e9t\u00e9 fid\u00e8le, les b\u00e9n\u00e9voles ont r\u00e9pondu pr\u00e9sent et les fourmis n\u2019ont pas fini la journ\u00e9e sur les rotules. Il y a juste eu quelques remarques sur le fait qu\u2019il n\u2019y avait pas de man\u00e8ge pour les tous petits.<br \/>\nEffectivement, les fourmis en avaient conscience. Mais voil\u00e0, ce sont, des fois, les limites financi\u00e8res qui mettent le hol\u00e0, ou, tout simplement, la non disponibilit\u00e9 de certains forains \u00e0 la date de la f\u00eate.<br \/>\nMais les petits avaient la possibilit\u00e9 de faire un joli bricolage au stand tenu par l\u2019association des aides familiales ou de sauter dans le petit ch\u00e2teau gonflable. Ils ont aussi eu la possibilit\u00e9 de voir des ballons se transformer en diff\u00e9rents animaux, et ceci gr\u00e2ce \u00e0 un clown. Mais la plupart \u00e9taient bien mieux maquill\u00e9s que le clown, car ils \u00e9taient pass\u00e9s entre les mains expertes d\u2019une professionnelle.<\/p>\n<p>Peut-\u00eatre que la F\u00eate Cressy 2016 sera plus ax\u00e9e petite enfance.<\/p>\n<p>Il faut donc patienter jusqu\u2019au 25 septembre 2016 !<\/p>\n<\/div>\n<div class=\"clear-block clear\"><\/div>\n","protected":false},"excerpt":{"rendered":"<p>Les fourmis orange de l\u2019AHC ont fait un r\u00eave pour cette ann\u00e9e exceptionnelle qui comm\u00e9more les 10 ans de sa cr\u00e9ation : que tout se passe bien pour l\u2019organisation de la F\u00eate de Cressy, que la manifestation soit appr\u00e9ci\u00e9e, que les gens apportent spontan\u00e9ment leur aide, que la pluie ne \u2026 <a class=\"continue-reading-link\" href=\"https:\/\/cressy.ch\/index.php\/historique\/2015-2\/fete-de-cressy-2015\/\"> Continue reading <span class=\"meta-nav\">&rarr; <\/span><\/a><\/p>\n","protected":false},"author":1,"featured_media":0,"parent":41,"menu_order":0,"comment_status":"closed","ping_status":"closed","template":"","meta":{"jetpack_post_was_ever_published":false,"footnotes":""},"jetpack_sharing_enabled":true,"jetpack_shortlink":"https:\/\/wp.me\/P7Ajlu-1l","jetpack-related-posts":[{"id":99,"url":"https:\/\/cressy.ch\/index.php\/historique\/2013-2\/fete-du-sapin-2013\/","url_meta":{"origin":83,"position":0},"title":"F\u00eate du sapin 2013","author":"chperetti","date":"13 mai 2016","format":false,"excerpt":"En ce 15 d\u00e9cembre 2013, le brouillard a envahi tout le quartier de Cressy. Un brouillard si dense que l\u2019on ne voyait pas \u00e0 deux m\u00e8tres. Heureusement les lumi\u00e8res de l\u2019\u00e9cole et des deux sapins ont illumin\u00e9 les lieux. On aurait presque pu voir sortir les trolls, gnomes et elfes\u2026","rel":"","context":"Article similaire","block_context":{"text":"Article similaire","link":""},"img":{"alt_text":"","src":"","width":0,"height":0},"classes":[]},{"id":121,"url":"https:\/\/cressy.ch\/index.php\/historique\/2011-2\/fete-du-sapin-2011\/","url_meta":{"origin":83,"position":1},"title":"F\u00eate du sapin 2011","author":"chperetti","date":"13 mai 2016","format":false,"excerpt":"\u00a0 cliquez\u00a0\u00a0 ici\u00a0\u00a0 pour voir toutes\u00a0les photos\u00a0\u00a0\u00a0\u00a0\u00a0\u00a0\u00a0\u00a0\u00a0\u00a0\u00a0\u00a0\u00a0\u00a0\u00a0\u00a0\u00a0\u00a0\u00a0\u00a0\u00a0\u00a0\u00a0\u00a0\u00a0\u00a0\u00a0\u00a0\u00a0\u00a0\u00a0\u00a0\u00a0\u00a0\u00a0\u00a0\u00a0\u00a0\u00a0\u00a0\u00a0 La F\u00eate du Sapin \u00e0 Cressy Les lutins de l\u2019AHC (association des habitants de Cressy) se sont \u00e9vertu\u00e9s \u00e0 cr\u00e9er une jolie ambiance de pr\u00e9-f\u00eate pour la F\u00eate du Sapin \u00e0 Cressy, le dimanche 18 d\u00e9cembre. Au vu du monde pr\u00e9sent et malgr\u00e9\u2026","rel":"","context":"Article similaire","block_context":{"text":"Article similaire","link":""},"img":{"alt_text":"","src":"","width":0,"height":0},"classes":[]},{"id":90,"url":"https:\/\/cressy.ch\/index.php\/historique\/2014-2\/fete-du-sapin-2014\/","url_meta":{"origin":83,"position":2},"title":"F\u00eate du Sapin 2014","author":"chperetti","date":"13 mai 2016","format":false,"excerpt":"Cette ann\u00e9e, les lutins de l\u2019AHC ont organis\u00e9 la F\u00eate du Sapin un peu plus t\u00f4t que d\u2019habitude. Les gens n\u2019\u00e9tant pas encore surcharg\u00e9s d\u2019activit\u00e9s et de stress pour les F\u00eates, ils ont eu le temps de venir partager le vin chaud et la raclette offerts par les lutins. Le\u2026","rel":"","context":"Article similaire","block_context":{"text":"Article similaire","link":""},"img":{"alt_text":"","src":"","width":0,"height":0},"classes":[]},{"id":109,"url":"https:\/\/cressy.ch\/index.php\/historique\/2012-2\/assemblee-generale-ordinaire\/","url_meta":{"origin":83,"position":3},"title":"Assembl\u00e9e g\u00e9n\u00e9rale ordinaire","author":"chperetti","date":"13 mai 2016","format":false,"excerpt":"24 janvier 2012 - Assembl\u00e9e g\u00e9n\u00e9rale ordinaire \u00a0\u00a0 \u00a0\u00a0\u00a0\u00a0\u00a0 Le r\u00eave de tout comit\u00e9 d\u2019une association est de r\u00e9unir tous les membres pour l\u2019assembl\u00e9e g\u00e9n\u00e9rale ordinaire. Et si ce n\u2019\u00e9tait pas qu\u2019un r\u00eave, mais une r\u00e9alit\u00e9 qui se serait produite lors de l\u2019assembl\u00e9e g\u00e9n\u00e9rale organis\u00e9e en janvier par les petites\u2026","rel":"","context":"Article similaire","block_context":{"text":"Article similaire","link":""},"img":{"alt_text":"","src":"","width":0,"height":0},"classes":[]},{"id":107,"url":"https:\/\/cressy.ch\/index.php\/historique\/2012-2\/ahc-fete-ses-benevoles\/","url_meta":{"origin":83,"position":4},"title":"AHC f\u00eate ses b\u00e9n\u00e9voles","author":"chperetti","date":"13 mai 2016","format":false,"excerpt":"\u00a0\u00a0\u00a0\u00a0\u00a0\u00a0\u00a0 \u00a0\u00a0\u00a0\u00a0 \u00a0 \u00a0 L\u2019AHC FETE SES BENEVOLES Il est 19h en ce 17 janvier 2012. L\u2019ombre de Sherlock Holmes, bien curieuse, traverse Cressy\u2026 et se pose des questions. La lumi\u00e8re dans le tea-room brille encore de tous ces feux. Des gens habill\u00e9s bien chaudement osent p\u00e9n\u00e9trer en faisant tinter\u2026","rel":"","context":"Article similaire","block_context":{"text":"Article similaire","link":""},"img":{"alt_text":"","src":"","width":0,"height":0},"classes":[]},{"id":111,"url":"https:\/\/cressy.ch\/index.php\/historique\/2012-2\/fete-de-cressy-2012\/","url_meta":{"origin":83,"position":5},"title":"F\u00eate de Cressy 2012","author":"chperetti","date":"13 mai 2016","format":false,"excerpt":"La F\u00eate de Cressy a eu les bons augures des cieux, ouf\u00a0! 24h apr\u00e8s la pluie a fait son retour\u00a0! Les fourmis orange de l\u2019AHC sont \u00e0 pied d\u2019\u0153uvre depuis 8h en ce dimanche brumeux du 23 septembre. Elles sont aid\u00e9es par des jeunes du quartier pour tout ce qui\u2026","rel":"","context":"Article similaire","block_context":{"text":"Article similaire","link":""},"img":{"alt_text":"","src":"","width":0,"height":0},"classes":[]}],"_links":{"self":[{"href":"https:\/\/cressy.ch\/index.php\/wp-json\/wp\/v2\/pages\/83"}],"collection":[{"href":"https:\/\/cressy.ch\/index.php\/wp-json\/wp\/v2\/pages"}],"about":[{"href":"https:\/\/cressy.ch\/index.php\/wp-json\/wp\/v2\/types\/page"}],"author":[{"embeddable":true,"href":"https:\/\/cressy.ch\/index.php\/wp-json\/wp\/v2\/users\/1"}],"replies":[{"embeddable":true,"href":"https:\/\/cressy.ch\/index.php\/wp-json\/wp\/v2\/comments?post=83"}],"version-history":[{"count":1,"href":"https:\/\/cressy.ch\/index.php\/wp-json\/wp\/v2\/pages\/83\/revisions"}],"predecessor-version":[{"id":84,"href":"https:\/\/cressy.ch\/index.php\/wp-json\/wp\/v2\/pages\/83\/revisions\/84"}],"up":[{"embeddable":true,"href":"https:\/\/cressy.ch\/index.php\/wp-json\/wp\/v2\/pages\/41"}],"wp:attachment":[{"href":"https:\/\/cressy.ch\/index.php\/wp-json\/wp\/v2\/media?parent=83"}],"curies":[{"name":"wp","href":"https:\/\/api.w.org\/{rel}","templated":true}]}}