{"id":542,"date":"2019-02-01T08:22:46","date_gmt":"2019-02-01T07:22:46","guid":{"rendered":"http:\/\/www.cressy.ch\/?page_id=542"},"modified":"2022-04-12T15:45:50","modified_gmt":"2022-04-12T13:45:50","slug":"vide-grenier-2019","status":"publish","type":"page","link":"https:\/\/cressy.ch\/index.php\/vide-grenier-2019\/","title":{"rendered":"Vide Greniers 2019"},"content":{"rendered":"<p><img loading=\"lazy\" decoding=\"async\" data-attachment-id=\"541\" data-permalink=\"https:\/\/cressy.ch\/index.php\/vide-grenier-2019\/videgrenier2019\/\" data-orig-file=\"https:\/\/i0.wp.com\/cressy.ch\/wp-content\/uploads\/2019\/02\/videGrenier2019.jpg?fit=628%2C853&amp;ssl=1\" data-orig-size=\"628,853\" data-comments-opened=\"0\" data-image-meta=\"{&quot;aperture&quot;:&quot;0&quot;,&quot;credit&quot;:&quot;&quot;,&quot;camera&quot;:&quot;&quot;,&quot;caption&quot;:&quot;&quot;,&quot;created_timestamp&quot;:&quot;0&quot;,&quot;copyright&quot;:&quot;&quot;,&quot;focal_length&quot;:&quot;0&quot;,&quot;iso&quot;:&quot;0&quot;,&quot;shutter_speed&quot;:&quot;0&quot;,&quot;title&quot;:&quot;&quot;,&quot;orientation&quot;:&quot;0&quot;}\" data-image-title=\"videGrenier2019\" data-image-description=\"\" data-image-caption=\"\" data-medium-file=\"https:\/\/i0.wp.com\/cressy.ch\/wp-content\/uploads\/2019\/02\/videGrenier2019.jpg?fit=221%2C300&amp;ssl=1\" data-large-file=\"https:\/\/i0.wp.com\/cressy.ch\/wp-content\/uploads\/2019\/02\/videGrenier2019.jpg?fit=628%2C853&amp;ssl=1\" class=\"aligncenter size-full wp-image-541\" src=\"https:\/\/i0.wp.com\/www.cressy.ch\/wp-content\/uploads\/2019\/02\/videGrenier2019.jpg?resize=628%2C853\" alt=\"\" width=\"628\" height=\"853\" srcset=\"https:\/\/i0.wp.com\/cressy.ch\/wp-content\/uploads\/2019\/02\/videGrenier2019.jpg?w=628&amp;ssl=1 628w, https:\/\/i0.wp.com\/cressy.ch\/wp-content\/uploads\/2019\/02\/videGrenier2019.jpg?resize=221%2C300&amp;ssl=1 221w, https:\/\/i0.wp.com\/cressy.ch\/wp-content\/uploads\/2019\/02\/videGrenier2019.jpg?resize=110%2C150&amp;ssl=1 110w\" sizes=\"(max-width: 628px) 100vw, 628px\" data-recalc-dims=\"1\" \/><\/p>\n","protected":false},"excerpt":{"rendered":"","protected":false},"author":1,"featured_media":0,"parent":0,"menu_order":3,"comment_status":"closed","ping_status":"closed","template":"","meta":{"jetpack_post_was_ever_published":false,"footnotes":""},"jetpack_sharing_enabled":true,"jetpack_shortlink":"https:\/\/wp.me\/P7Ajlu-8K","jetpack-related-posts":[{"id":727,"url":"https:\/\/cressy.ch\/index.php\/inscription-vide-greniers-cressy\/","url_meta":{"origin":542,"position":0},"title":"INSCRIPTION VIDE-GRENIERS CRESSY 2024","author":"Nad\u00e8ge Pittet","date":"25 mars 2022","format":false,"excerpt":"IBAN CH02 0900 0000 1747 3678 3 ou le compte postal de l\u2019association : 17-473678-3","rel":"","context":"Article similaire","block_context":{"text":"Article similaire","link":""},"img":{"alt_text":"","src":"https:\/\/i0.wp.com\/cressy.ch\/wp-content\/uploads\/2024\/03\/Vide-grenier-2024_A4-1.pdf?resize=350%2C200&ssl=1","width":350,"height":200},"classes":[]},{"id":95,"url":"https:\/\/cressy.ch\/index.php\/historique\/2014-2\/vide-greniers-2014\/","url_meta":{"origin":542,"position":1},"title":"vide greniers 2014","author":"chperetti","date":"13 mai 2016","format":false,"excerpt":"Quelle journ\u00e9e ! Le 13 avril, les fourmis orange de l\u2019AHC se sont r\u00e9veill\u00e9es sous l\u2019incroyable luminosit\u00e9 provoqu\u00e9e par le soleil matinal. Elles sont soulag\u00e9es, car elles voyaient d\u00e9j\u00e0 le pr\u00e9au couvert de b\u00e2ches plastiques sous lesquelles les affaires des exposants seraient cach\u00e9es de la vue des visiteurs \u00e0 cause\u2026","rel":"","context":"Article similaire","block_context":{"text":"Article similaire","link":""},"img":{"alt_text":"","src":"","width":0,"height":0},"classes":[]},{"id":117,"url":"https:\/\/cressy.ch\/index.php\/historique\/2012-2\/vide-greniers-2012\/","url_meta":{"origin":542,"position":2},"title":"Vide greniers 2012","author":"chperetti","date":"13 mai 2016","format":false,"excerpt":"L'ouverture du \"Vide-greniers\" de Cressy approche et les fourmis orange de l\u2019AHC sont en pleine \u00e9bullition, surtout celle qui s\u2019occupe de la r\u00e9servation. Entre t\u00e9l\u00e9phones et mails, elle en perd son latin\u00a0! Elle jongle (une vraie virtuose) avec ces multiples listes\u00a0: liste d\u2019adresses, liste des membres AHC (car ils ont\u2026","rel":"","context":"Article similaire","block_context":{"text":"Article similaire","link":""},"img":{"alt_text":"","src":"","width":0,"height":0},"classes":[]},{"id":124,"url":"https:\/\/cressy.ch\/index.php\/historique\/2011-2\/vide-greniers-2011\/","url_meta":{"origin":542,"position":3},"title":"Vide greniers 2011","author":"chperetti","date":"13 mai 2016","format":false,"excerpt":"VIDE-GRENIER 2011 \u00a0 \u00a0 \u00a0 \u00a0 \u00a0 Le vide-grenier de Cressy ne d\u00e9bute qu\u2019\u00e0 10 heures ce dimanche 10 avril, mais, \u00e0 8 heures d\u00e9j\u00e0, le pr\u00e9au de l\u2019\u00e9cole fourmille de mouvement. Les fourmis orange de l\u2019AHC s\u2019agitent autour de l\u2019installation des tables sous le pr\u00e9au couvert. Elles doivent vider\u2026","rel":"","context":"Article similaire","block_context":{"text":"Article similaire","link":""},"img":{"alt_text":"","src":"","width":0,"height":0},"classes":[]},{"id":103,"url":"https:\/\/cressy.ch\/index.php\/historique\/2013-2\/vide-greniers-2013\/","url_meta":{"origin":542,"position":4},"title":"vide greniers 2013","author":"chperetti","date":"13 mai 2016","format":false,"excerpt":"Quel magnifique vide-grenier\u00a0! Avec ses 157 tables, le quartier de Cressy a \u00e9t\u00e9 envahi par les exposants et les acheteurs le dimanche 21 avril 2013. Le temps a \u00e9t\u00e9 nuageux, le soleil n\u2019a pas daign\u00e9 darder ses rayons lumineux. Mais, heureusement, le vent violent de la veille a disparu et\u2026","rel":"","context":"Article similaire","block_context":{"text":"Article similaire","link":""},"img":{"alt_text":"","src":"","width":0,"height":0},"classes":[]},{"id":53,"url":"https:\/\/cressy.ch\/index.php\/historique\/2016-2\/vide-crenier-de-cressy-2016\/","url_meta":{"origin":542,"position":5},"title":"vide crenier de Cressy 2016","author":"chperetti","date":"11 mai 2016","format":false,"excerpt":"Les fourmis orange se sont d\u00e9men\u00e9es comme de beaux diables, pour transformer le vide-grenier 2016 en une belle r\u00e9ussite. Les t\u00e2ches ont \u00e9t\u00e9 multiples et vari\u00e9es, depuis plusieurs mois d\u00e9j\u00e0, entre passer la commande du mat\u00e9riel (tables, bancs, retricycles, panneaux d\u2019affichage et vaisselle compostable), faire la demande des locaux (pr\u00e9au,\u2026","rel":"","context":"Article similaire","block_context":{"text":"Article similaire","link":""},"img":{"alt_text":"","src":"","width":0,"height":0},"classes":[]}],"_links":{"self":[{"href":"https:\/\/cressy.ch\/index.php\/wp-json\/wp\/v2\/pages\/542"}],"collection":[{"href":"https:\/\/cressy.ch\/index.php\/wp-json\/wp\/v2\/pages"}],"about":[{"href":"https:\/\/cressy.ch\/index.php\/wp-json\/wp\/v2\/types\/page"}],"author":[{"embeddable":true,"href":"https:\/\/cressy.ch\/index.php\/wp-json\/wp\/v2\/users\/1"}],"replies":[{"embeddable":true,"href":"https:\/\/cressy.ch\/index.php\/wp-json\/wp\/v2\/comments?post=542"}],"version-history":[{"count":3,"href":"https:\/\/cressy.ch\/index.php\/wp-json\/wp\/v2\/pages\/542\/revisions"}],"predecessor-version":[{"id":816,"href":"https:\/\/cressy.ch\/index.php\/wp-json\/wp\/v2\/pages\/542\/revisions\/816"}],"wp:attachment":[{"href":"https:\/\/cressy.ch\/index.php\/wp-json\/wp\/v2\/media?parent=542"}],"curies":[{"name":"wp","href":"https:\/\/api.w.org\/{rel}","templated":true}]}}