{"id":481,"date":"2017-12-12T13:32:14","date_gmt":"2017-12-12T12:32:14","guid":{"rendered":"http:\/\/www.cressy.ch\/?page_id=481"},"modified":"2017-12-12T13:32:14","modified_gmt":"2017-12-12T12:32:14","slug":"la-fete-du-sapin-2017-a-eu-lieu","status":"publish","type":"page","link":"https:\/\/cressy.ch\/index.php\/historique\/2017-2\/la-fete-du-sapin-2017-a-eu-lieu\/","title":{"rendered":"LA FETE DU SAPIN 2017 A EU LIEU"},"content":{"rendered":"<p>La bise a largement souffl\u00e9 et refroidi l\u2019air depuis 2 jours, les fourmis-lutins se sont donc habill\u00e9es en cons\u00e9quence pour venir installer toutes l\u2019infrastructure de la F\u00eate du Sapin ce dimanche 3 d\u00e9cembre.<\/p>\n<p>Mais \u00e0 force de porter, installer, r\u00e9fl\u00e9chir, scotcher, d\u00e9corer, accrocher, grimper, se plier et simplement marcher les voil\u00e0 toutes en sueur. Elles repartent vite chez elles pour se changer, finir de cuire les pommes de terre qui vont accompagner la raclette et ramener les jerricans remplis de succulentes boissons. Quand elles reviennent, le fromage bien que pas encore cuit, d\u00e9gage d\u00e9j\u00e0 une excellente odeur, elles en ont l\u2019eau \u00e0 la bouche.<\/p>\n<p>Il est 17 heures et le pr\u00e9au se remplit petit \u00e0 petit. Le jour tombe rapidement \u00e0 cette heure, heureusement les d\u00e9corations install\u00e9es sur l\u2019\u00e9cole font office de lumi\u00e8re et am\u00e8nent une magie, eh oui celle de No\u00ebl.<\/p>\n<p>Les gens se servent de l\u2019excellent vin chaud venu tout droit du pays du P\u00e8re No\u00ebl. Notre fourmi nordique a r\u00e9it\u00e9r\u00e9 avec sa recette qui re\u00e7oit la palme d\u2019or chaque ann\u00e9e. Elle en a fait 23 litres ! Une autre fourmi a tent\u00e9 la fabrication maison de deux th\u00e9s de No\u00ebl diff\u00e9rents. Un avec sucre et un sans, un avec du th\u00e9 noir et l\u2019autre du th\u00e9 vert. Les deux ont eu l\u2019occasion d\u2019avoir des rajouts tel que jus d\u2019orange et \u00e9pices de toutes sortes. Le r\u00e9sultat a \u00e9t\u00e9 excellent, vu que les 30 litres pr\u00e9par\u00e9s ont \u00e9t\u00e9 bus. Le sirop chaud a aussi \u00e9t\u00e9 d\u00e9gust\u00e9 avec plaisir par les fins palais des petits.<\/p>\n<p>Cette ann\u00e9e les fourmis-lutins ont chang\u00e9 la formule et ont invit\u00e9 les gens \u00e0 se rassembler autour des danseuses de Made for You. Elles se sont vite r\u00e9chauff\u00e9es en dansant au rythme de la musique. Une trentaine de jeunes filles ont fait virevolter le quartier par leurs pas endiabl\u00e9s. C\u2019\u00e9tait \u00ab Danse avec les stars \u00bb \u00e0 Cressy, Il ne manquait plus que les jur\u00e9s. Elles ont fini leurs prestations en allant chercher le P\u00e8re No\u00ebl qui attendait sagement son heure de gloire.<\/p>\n<p>Les enfants ne lui ont pas laiss\u00e9 le temps de s\u2019installer dans son fauteuil magique ils se sont agglutin\u00e9s autour de lui pour recevoir un regard, un geste ou un bonbon de sa part. Il a gliss\u00e9 dans l\u2019oreille d\u2019un lutin que ce qu\u2019il aimait le plus c\u2019\u00e9tait de capter le regard \u00e9merveill\u00e9 des petits et c\u2019est pour cela qu\u2019il revient chaque ann\u00e9e.<\/p>\n<p>Pendant ce temps, la valse autour des fours \u00e0 raclette bat son plein. Durant la cuisson, les gens en profitent pour discuter et rire ensemble. Le pr\u00e9au est plein de sons de joie sur un fond de musique de No\u00ebl.<\/p>\n<p>Les p\u00e2tisseries faites par les lutins et quelques habitants (un grand merci \u00e0 vous !) ont \u00e9t\u00e9 savour\u00e9es en tr\u00e8s peu de temps. Et pourtant, il y en avait une quinzaine dont notamment la fameuse tresse sucr\u00e9e et \u00e9pic\u00e9e tout droit descendu du nord, les c\u00e9l\u00e8bres et incontournables petits pains au sucre d\u2019une Cressinoise, du g\u00e2teau au chocolat, du g\u00e2teau aux amandes et celui aux noisettes, et bien d\u2019autres encore pour tous les go\u00fbts et tous aussi bons les uns que les autres. A peine d\u00e9pos\u00e9s sur la table, que pfitt ils \u00e9taient dans les estomacs. Une fois ces bonnes choses ingurgit\u00e9es, ils ont profit\u00e9 aussi des mandarines mises \u00e0 leur disposition ainsi que les marrons glac\u00e9s apport\u00e9s par une membre.<br \/>\nLa f\u00eate devait se terminer \u00e0 19h, mais les gens partageaient encore de bons moments ensemble. Les lutins ont donc d\u00e9cid\u00e9 d\u2019attendre un moment avant de commencer \u00e0 ranger. Et l\u00e0, grande surprise, les tables et les bancs ont trouv\u00e9 en 2 temps 3 mouvements leur place sur le chariot sous l\u2019impulsion de quelques personnes. Les lutins n\u2019ont donc plus eu qu\u2019\u00e0 s\u2019occuper des rangements et nettoyage de leurs mat\u00e9riels ainsi qu\u2019au nettoyage du pr\u00e9au. Merci \u00e0 ces bonnes f\u00e9es !<\/p>\n<p>L\u2019ann\u00e9e prochaine cette belle f\u00eate aura lieu le 2 d\u00e9cembre m\u00eame heure, m\u00eame lieu et m\u00eame bonne ambiance !<\/p>\n","protected":false},"excerpt":{"rendered":"<p>La bise a largement souffl\u00e9 et refroidi l\u2019air depuis 2 jours, les fourmis-lutins se sont donc habill\u00e9es en cons\u00e9quence pour venir installer toutes l\u2019infrastructure de la F\u00eate du Sapin ce dimanche 3 d\u00e9cembre. Mais \u00e0 force de porter, installer, r\u00e9fl\u00e9chir, scotcher, d\u00e9corer, accrocher, grimper, se plier et simplement marcher les \u2026 <a class=\"continue-reading-link\" href=\"https:\/\/cressy.ch\/index.php\/historique\/2017-2\/la-fete-du-sapin-2017-a-eu-lieu\/\"> Continue reading <span class=\"meta-nav\">&rarr; <\/span><\/a><\/p>\n","protected":false},"author":1,"featured_media":0,"parent":455,"menu_order":0,"comment_status":"closed","ping_status":"closed","template":"","meta":{"jetpack_post_was_ever_published":false,"footnotes":""},"jetpack_sharing_enabled":true,"jetpack_shortlink":"https:\/\/wp.me\/P7Ajlu-7L","jetpack-related-posts":[{"id":85,"url":"https:\/\/cressy.ch\/index.php\/historique\/2015-2\/fete-du-sapin-2015\/","url_meta":{"origin":481,"position":0},"title":"F\u00eate du Sapin 2015","author":"chperetti","date":"13 mai 2016","format":false,"excerpt":"Etant donn\u00e9 que le quartier commence \u00e0 se parer de couleurs hivernales, les fourmis orange de l\u2019AHC, transform\u00e9es en lutins rouge pour cette occasion, ont d\u00e9cid\u00e9 de r\u00e9chauffer le c\u0153ur de ses habitants en leur proposant une bonne raclette. Elle ne sera pas cuite au feu de bois, car les\u2026","rel":"","context":"Article similaire","block_context":{"text":"Article similaire","link":""},"img":{"alt_text":"","src":"","width":0,"height":0},"classes":[]},{"id":121,"url":"https:\/\/cressy.ch\/index.php\/historique\/2011-2\/fete-du-sapin-2011\/","url_meta":{"origin":481,"position":1},"title":"F\u00eate du sapin 2011","author":"chperetti","date":"13 mai 2016","format":false,"excerpt":"\u00a0 cliquez\u00a0\u00a0 ici\u00a0\u00a0 pour voir toutes\u00a0les photos\u00a0\u00a0\u00a0\u00a0\u00a0\u00a0\u00a0\u00a0\u00a0\u00a0\u00a0\u00a0\u00a0\u00a0\u00a0\u00a0\u00a0\u00a0\u00a0\u00a0\u00a0\u00a0\u00a0\u00a0\u00a0\u00a0\u00a0\u00a0\u00a0\u00a0\u00a0\u00a0\u00a0\u00a0\u00a0\u00a0\u00a0\u00a0\u00a0\u00a0\u00a0 La F\u00eate du Sapin \u00e0 Cressy Les lutins de l\u2019AHC (association des habitants de Cressy) se sont \u00e9vertu\u00e9s \u00e0 cr\u00e9er une jolie ambiance de pr\u00e9-f\u00eate pour la F\u00eate du Sapin \u00e0 Cressy, le dimanche 18 d\u00e9cembre. Au vu du monde pr\u00e9sent et malgr\u00e9\u2026","rel":"","context":"Article similaire","block_context":{"text":"Article similaire","link":""},"img":{"alt_text":"","src":"","width":0,"height":0},"classes":[]},{"id":99,"url":"https:\/\/cressy.ch\/index.php\/historique\/2013-2\/fete-du-sapin-2013\/","url_meta":{"origin":481,"position":2},"title":"F\u00eate du sapin 2013","author":"chperetti","date":"13 mai 2016","format":false,"excerpt":"En ce 15 d\u00e9cembre 2013, le brouillard a envahi tout le quartier de Cressy. Un brouillard si dense que l\u2019on ne voyait pas \u00e0 deux m\u00e8tres. Heureusement les lumi\u00e8res de l\u2019\u00e9cole et des deux sapins ont illumin\u00e9 les lieux. On aurait presque pu voir sortir les trolls, gnomes et elfes\u2026","rel":"","context":"Article similaire","block_context":{"text":"Article similaire","link":""},"img":{"alt_text":"","src":"","width":0,"height":0},"classes":[]},{"id":113,"url":"https:\/\/cressy.ch\/index.php\/historique\/2012-2\/fete-du-sapin-2012\/","url_meta":{"origin":481,"position":3},"title":"F\u00eate du Sapin 2012","author":"chperetti","date":"13 mai 2016","format":false,"excerpt":"Il y a 3 jours la neige a essaim\u00e9 dans les rues genevoises, mais la pluie l\u2019a malheureusement chass\u00e9e le lendemain. Nous avons donc f\u00eat\u00e9 le Sapin sans neige et m\u00eame avec un temps tr\u00e8s doux. Pour une fois, nous, les lutins de l\u2019AHC, n\u2019avons pas \u00e9t\u00e9 transis de froid\u2026","rel":"","context":"Article similaire","block_context":{"text":"Article similaire","link":""},"img":{"alt_text":"","src":"","width":0,"height":0},"classes":[]},{"id":377,"url":"https:\/\/cressy.ch\/index.php\/historique\/2016-2\/est-2016\/","url_meta":{"origin":481,"position":4},"title":"La f\u00eate de Cressy a eu lieu","author":"chperetti","date":"1 novembre 2016","format":false,"excerpt":"Le 25 septembre, les fourmis orange ont trim\u00e9 depuis 7h30 pour mettre en place la F\u00eate Cressy. Elles \u00e9taient encore toute endormies. Certaines \u00e9taient d\u00e9j\u00e0 en habit d\u2019\u00e9t\u00e9, car le temps annonc\u00e9 \u00e9tait au beau et chaud et d\u2019autres \u00e9taient habill\u00e9es comme en hiver. Elles devaient encore s\u2019imaginer au chaud\u2026","rel":"","context":"Article similaire","block_context":{"text":"Article similaire","link":""},"img":{"alt_text":"","src":"","width":0,"height":0},"classes":[]},{"id":97,"url":"https:\/\/cressy.ch\/index.php\/historique\/2013-2\/fete-de-cressy-2013\/","url_meta":{"origin":481,"position":5},"title":"F\u00eate de Cressy 2013","author":"chperetti","date":"13 mai 2016","format":false,"excerpt":"Cette ann\u00e9e la F\u00eate de Cressy s\u2019est d\u00e9roul\u00e9e sous un magnifique soleil d\u2019automne. Les fourmis orange ont eu les antennes creuses lors du choix de la date. \u00a0 La pr\u00e9paration de la f\u00eate a v\u00e9cu quelques petites anicroches qui ont furtivement mis les batteries des fourmis un peu \u00e0 plat.\u2026","rel":"","context":"Article similaire","block_context":{"text":"Article similaire","link":""},"img":{"alt_text":"","src":"","width":0,"height":0},"classes":[]}],"_links":{"self":[{"href":"https:\/\/cressy.ch\/index.php\/wp-json\/wp\/v2\/pages\/481"}],"collection":[{"href":"https:\/\/cressy.ch\/index.php\/wp-json\/wp\/v2\/pages"}],"about":[{"href":"https:\/\/cressy.ch\/index.php\/wp-json\/wp\/v2\/types\/page"}],"author":[{"embeddable":true,"href":"https:\/\/cressy.ch\/index.php\/wp-json\/wp\/v2\/users\/1"}],"replies":[{"embeddable":true,"href":"https:\/\/cressy.ch\/index.php\/wp-json\/wp\/v2\/comments?post=481"}],"version-history":[{"count":1,"href":"https:\/\/cressy.ch\/index.php\/wp-json\/wp\/v2\/pages\/481\/revisions"}],"predecessor-version":[{"id":482,"href":"https:\/\/cressy.ch\/index.php\/wp-json\/wp\/v2\/pages\/481\/revisions\/482"}],"up":[{"embeddable":true,"href":"https:\/\/cressy.ch\/index.php\/wp-json\/wp\/v2\/pages\/455"}],"wp:attachment":[{"href":"https:\/\/cressy.ch\/index.php\/wp-json\/wp\/v2\/media?parent=481"}],"curies":[{"name":"wp","href":"https:\/\/api.w.org\/{rel}","templated":true}]}}